{"id":6265,"date":"2026-08-31T15:35:49","date_gmt":"2026-08-31T15:35:49","guid":{"rendered":"https:\/\/www.isidoraficovic.net\/?page_id=6265"},"modified":"2026-08-31T15:38:59","modified_gmt":"2026-08-31T15:38:59","slug":"2022-2","status":"publish","type":"page","link":"https:\/\/www.isidoraficovic.net\/?page_id=6265","title":{"rendered":"2022"},"content":{"rendered":"\n<p class=\"has-text-align-right wp-block-paragraph\"><a href=\"https:\/\/www.isidoraficovic.net\/?page_id=122\" title=\"\">back<\/a><\/p>\n\n\n\n<p class=\"has-text-align-center wp-block-paragraph\">Performative painting on the opening of group exhibition \u201cInvisible Reality\u201d of the 25th Spring Annual at the Art Salon of the \u010ca\u010dak Culture Center, \u010ca\u010dak, Serbia. 2022<\/p>\n\n\n\n<p class=\"has-text-align-center wp-block-paragraph\">click here<\/p>\n","protected":false},"excerpt":{"rendered":"<p>back Performative painting on the opening of group exhibition \u201cInvisible Reality\u201d of the 25th Spring Annual at the Art Salon of the \u010ca\u010dak Culture Center, \u010ca\u010dak, Serbia. 2022 click here<\/p>\n","protected":false},"author":2,"featured_media":0,"parent":122,"menu_order":2,"comment_status":"closed","ping_status":"closed","template":"","meta":{"_monsterinsights_skip_tracking":false,"ngg_post_thumbnail":0,"footnotes":""},"class_list":["post-6265","page","type-page","status-publish","hentry"],"aioseo_notices":[],"aioseo_head":"\n\t\t<!-- All in One SEO 5.0.0.1 - aioseo.com -->\n\t<meta name=\"description\" content=\"back Performative painting on the opening of group exhibition \u201cInvisible Reality\u201d of the 25th Spring Annual at the Art Salon of the \u010ca\u010dak Culture Center, \u010ca\u010dak, Serbia. 2022 click here\" \/>\n\t<meta name=\"robots\" content=\"max-image-preview:large\" \/>\n\t<link rel=\"canonical\" href=\"https:\/\/www.isidoraficovic.net\/?page_id=6265\" \/>\n\t<meta name=\"generator\" content=\"All in One SEO (AIOSEO) 5.0.0.1\" \/>\n\t\t<meta property=\"og:locale\" content=\"en_US\" \/>\n\t\t<meta property=\"og:site_name\" content=\"Isidora Ficovic |\" \/>\n\t\t<meta property=\"og:type\" content=\"article\" \/>\n\t\t<meta property=\"og:title\" content=\"2022 | Isidora Ficovic\" \/>\n\t\t<meta property=\"og:description\" content=\"back Performative painting on the opening of group exhibition \u201cInvisible Reality\u201d of the 25th Spring Annual at the Art Salon of the \u010ca\u010dak Culture Center, \u010ca\u010dak, Serbia. 2022 click here\" \/>\n\t\t<meta property=\"og:url\" content=\"https:\/\/www.isidoraficovic.net\/?page_id=6265\" \/>\n\t\t<meta property=\"article:published_time\" content=\"2026-08-31T15:35:49+00:00\" \/>\n\t\t<meta property=\"article:modified_time\" content=\"2026-08-31T15:38:59+00:00\" \/>\n\t\t<meta name=\"twitter:card\" content=\"summary\" \/>\n\t\t<meta name=\"twitter:title\" content=\"2022 | Isidora Ficovic\" \/>\n\t\t<meta name=\"twitter:description\" content=\"back Performative painting on the opening of group exhibition \u201cInvisible Reality\u201d of the 25th Spring Annual at the Art Salon of the \u010ca\u010dak Culture Center, \u010ca\u010dak, Serbia. 2022 click here\" \/>\n\t\t<script type=\"application\/ld+json\" class=\"aioseo-schema\">\n\t\t\t{\"@context\":\"https:\\\/\\\/schema.org\",\"@graph\":[{\"@type\":\"BreadcrumbList\",\"@id\":\"https:\\\/\\\/www.isidoraficovic.net\\\/?page_id=6265#breadcrumblist\",\"itemListElement\":[{\"@type\":\"ListItem\",\"@id\":\"https:\\\/\\\/www.isidoraficovic.net#listItem\",\"position\":1,\"name\":\"Home\",\"item\":\"https:\\\/\\\/www.isidoraficovic.net\",\"nextItem\":{\"@type\":\"ListItem\",\"@id\":\"https:\\\/\\\/www.isidoraficovic.net\\\/?page_id=21#listItem\",\"name\":\"WORKS\"}},{\"@type\":\"ListItem\",\"@id\":\"https:\\\/\\\/www.isidoraficovic.net\\\/?page_id=21#listItem\",\"position\":2,\"name\":\"WORKS\",\"item\":\"https:\\\/\\\/www.isidoraficovic.net\\\/?page_id=21\",\"nextItem\":{\"@type\":\"ListItem\",\"@id\":\"https:\\\/\\\/www.isidoraficovic.net\\\/?page_id=122#listItem\",\"name\":\"PERFORMANCE\"},\"previousItem\":{\"@type\":\"ListItem\",\"@id\":\"https:\\\/\\\/www.isidoraficovic.net#listItem\",\"name\":\"Home\"}},{\"@type\":\"ListItem\",\"@id\":\"https:\\\/\\\/www.isidoraficovic.net\\\/?page_id=122#listItem\",\"position\":3,\"name\":\"PERFORMANCE\",\"item\":\"https:\\\/\\\/www.isidoraficovic.net\\\/?page_id=122\",\"nextItem\":{\"@type\":\"ListItem\",\"@id\":\"https:\\\/\\\/www.isidoraficovic.net\\\/?page_id=6265#listItem\",\"name\":\"2022\"},\"previousItem\":{\"@type\":\"ListItem\",\"@id\":\"https:\\\/\\\/www.isidoraficovic.net\\\/?page_id=21#listItem\",\"name\":\"WORKS\"}},{\"@type\":\"ListItem\",\"@id\":\"https:\\\/\\\/www.isidoraficovic.net\\\/?page_id=6265#listItem\",\"position\":4,\"name\":\"2022\",\"previousItem\":{\"@type\":\"ListItem\",\"@id\":\"https:\\\/\\\/www.isidoraficovic.net\\\/?page_id=122#listItem\",\"name\":\"PERFORMANCE\"}}]},{\"@type\":\"Organization\",\"@id\":\"https:\\\/\\\/www.isidoraficovic.net\\\/#organization\",\"name\":\"Isidora Fi\\u0107ovi\\u0107\",\"url\":\"https:\\\/\\\/www.isidoraficovic.net\\\/\"},{\"@type\":\"WebPage\",\"@id\":\"https:\\\/\\\/www.isidoraficovic.net\\\/?page_id=6265#webpage\",\"url\":\"https:\\\/\\\/www.isidoraficovic.net\\\/?page_id=6265\",\"name\":\"2022 | Isidora Ficovic\",\"description\":\"back Performative painting on the opening of group exhibition \\u201cInvisible Reality\\u201d of the 25th Spring Annual at the Art Salon of the \\u010ca\\u010dak Culture Center, \\u010ca\\u010dak, Serbia. 2022 click here\",\"inLanguage\":\"en-US\",\"isPartOf\":{\"@id\":\"https:\\\/\\\/www.isidoraficovic.net\\\/#website\"},\"breadcrumb\":{\"@id\":\"https:\\\/\\\/www.isidoraficovic.net\\\/?page_id=6265#breadcrumblist\"},\"datePublished\":\"2026-08-31T15:35:49+00:00\",\"dateModified\":\"2026-08-31T15:38:59+00:00\"},{\"@type\":\"WebSite\",\"@id\":\"https:\\\/\\\/www.isidoraficovic.net\\\/#website\",\"url\":\"https:\\\/\\\/www.isidoraficovic.net\\\/\",\"name\":\"Isidora Ficovic\",\"inLanguage\":\"en-US\",\"publisher\":{\"@id\":\"https:\\\/\\\/www.isidoraficovic.net\\\/#organization\"}}]}\n\t\t<\/script>\n\t\t<!-- All in One SEO -->\n\n","aioseo_head_json":{"title":"2022 | Isidora Ficovic","description":"back Performative painting on the opening of group exhibition \u201cInvisible Reality\u201d of the 25th Spring Annual at the Art Salon of the \u010ca\u010dak Culture Center, \u010ca\u010dak, Serbia. 2022 click here","canonical_url":"https:\/\/www.isidoraficovic.net\/?page_id=6265","robots":"max-image-preview:large","keywords":"","webmasterTools":{"miscellaneous":""},"schema":{"@context":"https:\/\/schema.org","@graph":[{"@type":"BreadcrumbList","@id":"https:\/\/www.isidoraficovic.net\/?page_id=6265#breadcrumblist","itemListElement":[{"@type":"ListItem","@id":"https:\/\/www.isidoraficovic.net#listItem","position":1,"name":"Home","item":"https:\/\/www.isidoraficovic.net","nextItem":{"@type":"ListItem","@id":"https:\/\/www.isidoraficovic.net\/?page_id=21#listItem","name":"WORKS"}},{"@type":"ListItem","@id":"https:\/\/www.isidoraficovic.net\/?page_id=21#listItem","position":2,"name":"WORKS","item":"https:\/\/www.isidoraficovic.net\/?page_id=21","nextItem":{"@type":"ListItem","@id":"https:\/\/www.isidoraficovic.net\/?page_id=122#listItem","name":"PERFORMANCE"},"previousItem":{"@type":"ListItem","@id":"https:\/\/www.isidoraficovic.net#listItem","name":"Home"}},{"@type":"ListItem","@id":"https:\/\/www.isidoraficovic.net\/?page_id=122#listItem","position":3,"name":"PERFORMANCE","item":"https:\/\/www.isidoraficovic.net\/?page_id=122","nextItem":{"@type":"ListItem","@id":"https:\/\/www.isidoraficovic.net\/?page_id=6265#listItem","name":"2022"},"previousItem":{"@type":"ListItem","@id":"https:\/\/www.isidoraficovic.net\/?page_id=21#listItem","name":"WORKS"}},{"@type":"ListItem","@id":"https:\/\/www.isidoraficovic.net\/?page_id=6265#listItem","position":4,"name":"2022","previousItem":{"@type":"ListItem","@id":"https:\/\/www.isidoraficovic.net\/?page_id=122#listItem","name":"PERFORMANCE"}}]},{"@type":"Organization","@id":"https:\/\/www.isidoraficovic.net\/#organization","name":"Isidora Fi\u0107ovi\u0107","url":"https:\/\/www.isidoraficovic.net\/"},{"@type":"WebPage","@id":"https:\/\/www.isidoraficovic.net\/?page_id=6265#webpage","url":"https:\/\/www.isidoraficovic.net\/?page_id=6265","name":"2022 | Isidora Ficovic","description":"back Performative painting on the opening of group exhibition \u201cInvisible Reality\u201d of the 25th Spring Annual at the Art Salon of the \u010ca\u010dak Culture Center, \u010ca\u010dak, Serbia. 2022 click here","inLanguage":"en-US","isPartOf":{"@id":"https:\/\/www.isidoraficovic.net\/#website"},"breadcrumb":{"@id":"https:\/\/www.isidoraficovic.net\/?page_id=6265#breadcrumblist"},"datePublished":"2026-08-31T15:35:49+00:00","dateModified":"2026-08-31T15:38:59+00:00"},{"@type":"WebSite","@id":"https:\/\/www.isidoraficovic.net\/#website","url":"https:\/\/www.isidoraficovic.net\/","name":"Isidora Ficovic","inLanguage":"en-US","publisher":{"@id":"https:\/\/www.isidoraficovic.net\/#organization"}}]},"og:locale":"en_US","og:site_name":"Isidora Ficovic |","og:type":"article","og:title":"2022 | Isidora Ficovic","og:description":"back Performative painting on the opening of group exhibition \u201cInvisible Reality\u201d of the 25th Spring Annual at the Art Salon of the \u010ca\u010dak Culture Center, \u010ca\u010dak, Serbia. 2022 click here","og:url":"https:\/\/www.isidoraficovic.net\/?page_id=6265","article:published_time":"2026-08-31T15:35:49+00:00","article:modified_time":"2026-08-31T15:38:59+00:00","twitter:card":"summary","twitter:title":"2022 | Isidora Ficovic","twitter:description":"back Performative painting on the opening of group exhibition \u201cInvisible Reality\u201d of the 25th Spring Annual at the Art Salon of the \u010ca\u010dak Culture Center, \u010ca\u010dak, Serbia. 2022 click here"},"aioseo_meta_data":{"post_id":"6265","title":null,"description":null,"keywords":null,"keyphrases":{"focus":{"keyphrase":"","score":0,"analysis":{"keyphraseInTitle":{"score":0,"maxScore":9,"error":1}}},"additional":[]},"primary_term":null,"canonical_url":null,"og_title":null,"og_description":null,"og_object_type":"default","og_image_type":"default","og_image_url":null,"og_image_width":null,"og_image_height":null,"og_image_custom_url":null,"og_image_custom_fields":null,"og_video":"","og_custom_url":null,"og_article_section":null,"og_article_tags":null,"twitter_use_og":false,"twitter_card":"default","twitter_image_type":"default","twitter_image_url":null,"twitter_image_custom_url":null,"twitter_image_custom_fields":null,"twitter_title":null,"twitter_description":null,"schema":{"blockGraphs":[],"customGraphs":[],"default":{"data":{"Article":[],"Course":[],"Dataset":[],"FAQPage":[],"Movie":[],"Person":[],"Product":[],"ProductReview":[],"Car":[],"Recipe":[],"Service":[],"SoftwareApplication":[],"WebPage":[]},"graphName":"WebPage","isEnabled":true},"graphs":[]},"schema_type":"default","schema_type_options":null,"pillar_content":false,"robots_default":true,"robots_noindex":false,"robots_noarchive":false,"robots_nosnippet":false,"robots_nofollow":false,"robots_noimageindex":false,"robots_noodp":false,"robots_notranslate":false,"robots_max_snippet":"-1","robots_max_videopreview":"-1","robots_max_imagepreview":"large","priority":null,"frequency":"default","local_seo":null,"breadcrumb_settings":null,"limit_modified_date":false,"ai":{"faqs":[],"keyPoints":[],"schemas":[],"titles":[],"descriptions":[],"socialPosts":{"email":{"subject":"","preview":"","content":""},"linkedin":[],"twitter":[],"facebook":[],"instagram":[]}},"created":"2026-08-31 15:35:20","updated":"2026-08-31 16:18:38","focus_keyword":null,"additional_keywords":null,"truseo_locale":null,"seo_analyzer_scan_date":null},"aioseo_breadcrumb":"<div class=\"aioseo-breadcrumbs\"><span class=\"aioseo-breadcrumb\">\n\t\t\t<a href=\"https:\/\/www.isidoraficovic.net\" title=\"Home\">Home<\/a>\n\t\t<\/span><span class=\"aioseo-breadcrumb-separator\">&raquo;<\/span><span class=\"aioseo-breadcrumb\">\n\t\t\t<a href=\"https:\/\/www.isidoraficovic.net\/?page_id=21\" title=\"WORKS\">WORKS<\/a>\n\t\t<\/span><span class=\"aioseo-breadcrumb-separator\">&raquo;<\/span><span class=\"aioseo-breadcrumb\">\n\t\t\t<a href=\"https:\/\/www.isidoraficovic.net\/?page_id=122\" title=\"PERFORMANCE\">PERFORMANCE<\/a>\n\t\t<\/span><span class=\"aioseo-breadcrumb-separator\">&raquo;<\/span><span class=\"aioseo-breadcrumb\">\n\t\t\t2022\n\t\t<\/span><\/div>","aioseo_breadcrumb_json":[{"label":"Home","link":"https:\/\/www.isidoraficovic.net"},{"label":"WORKS","link":"https:\/\/www.isidoraficovic.net\/?page_id=21"},{"label":"PERFORMANCE","link":"https:\/\/www.isidoraficovic.net\/?page_id=122"},{"label":"2022","link":"https:\/\/www.isidoraficovic.net\/?page_id=6265"}],"_links":{"self":[{"href":"https:\/\/www.isidoraficovic.net\/index.php?rest_route=\/wp\/v2\/pages\/6265","targetHints":{"allow":["GET"]}}],"collection":[{"href":"https:\/\/www.isidoraficovic.net\/index.php?rest_route=\/wp\/v2\/pages"}],"about":[{"href":"https:\/\/www.isidoraficovic.net\/index.php?rest_route=\/wp\/v2\/types\/page"}],"author":[{"embeddable":true,"href":"https:\/\/www.isidoraficovic.net\/index.php?rest_route=\/wp\/v2\/users\/2"}],"replies":[{"embeddable":true,"href":"https:\/\/www.isidoraficovic.net\/index.php?rest_route=%2Fwp%2Fv2%2Fcomments&post=6265"}],"version-history":[{"count":2,"href":"https:\/\/www.isidoraficovic.net\/index.php?rest_route=\/wp\/v2\/pages\/6265\/revisions"}],"predecessor-version":[{"id":6268,"href":"https:\/\/www.isidoraficovic.net\/index.php?rest_route=\/wp\/v2\/pages\/6265\/revisions\/6268"}],"up":[{"embeddable":true,"href":"https:\/\/www.isidoraficovic.net\/index.php?rest_route=\/wp\/v2\/pages\/122"}],"wp:attachment":[{"href":"https:\/\/www.isidoraficovic.net\/index.php?rest_route=%2Fwp%2Fv2%2Fmedia&parent=6265"}],"curies":[{"name":"wp","href":"https:\/\/api.w.org\/{rel}","templated":true}]}}