{"id":6202,"date":"2026-08-31T14:02:50","date_gmt":"2026-08-31T14:02:50","guid":{"rendered":"https:\/\/www.isidoraficovic.net\/?page_id=6202"},"modified":"2026-08-31T16:05:26","modified_gmt":"2026-08-31T16:05:26","slug":"performative-painting","status":"publish","type":"page","link":"https:\/\/www.isidoraficovic.net\/?page_id=6202","title":{"rendered":"Performative Painting"},"content":{"rendered":"\n<p class=\"has-text-align-right wp-block-paragraph\"><a href=\"https:\/\/www.isidoraficovic.net\/?page_id=3064\" title=\"\">back<\/a><\/p>\n\n\n\n<figure class=\"wp-block-gallery has-nested-images columns-default is-cropped wp-block-gallery-1 is-layout-flex wp-block-gallery-is-layout-flex\">\n<figure class=\"wp-block-image size-full\"><a href=\"https:\/\/www.isidoraficovic.net\/wp-content\/uploads\/2026\/08\/09981____11111111111111111111-1.jpg\"><img loading=\"lazy\" decoding=\"async\" width=\"207\" height=\"275\" data-id=\"6241\" src=\"https:\/\/www.isidoraficovic.net\/wp-content\/uploads\/2026\/08\/09981____11111111111111111111-1.jpg\" alt=\"\" class=\"wp-image-6241\"\/><\/a><\/figure>\n\n\n\n<figure class=\"wp-block-image size-full\"><a href=\"https:\/\/www.isidoraficovic.net\/wp-content\/uploads\/2026\/08\/09981____111111111111111111111111-1.jpg\"><img loading=\"lazy\" decoding=\"async\" width=\"448\" height=\"252\" data-id=\"6242\" src=\"https:\/\/www.isidoraficovic.net\/wp-content\/uploads\/2026\/08\/09981____111111111111111111111111-1.jpg\" alt=\"\" class=\"wp-image-6242\" srcset=\"https:\/\/www.isidoraficovic.net\/wp-content\/uploads\/2026\/08\/09981____111111111111111111111111-1.jpg 448w, https:\/\/www.isidoraficovic.net\/wp-content\/uploads\/2026\/08\/09981____111111111111111111111111-1-300x169.jpg 300w\" sizes=\"auto, (max-width: 448px) 100vw, 448px\" \/><\/a><\/figure>\n<\/figure>\n\n\n\n<p class=\"wp-block-paragraph\">Performative painting  on the opening of group exhibition &#8220;Identity Reconstruction&#8221; Pavilion des arts Cvijeta Zuzori\u0107, Belgrade, Serbia, 2025<\/p>\n\n\n\n<figure class=\"wp-block-gallery has-nested-images columns-default is-cropped wp-block-gallery-2 is-layout-flex wp-block-gallery-is-layout-flex\">\n<figure class=\"wp-block-image size-full\"><a href=\"https:\/\/www.isidoraficovic.net\/wp-content\/uploads\/2026\/08\/09981____111111111111111111111.jpg\"><img loading=\"lazy\" decoding=\"async\" width=\"201\" height=\"252\" data-id=\"6233\" src=\"https:\/\/www.isidoraficovic.net\/wp-content\/uploads\/2026\/08\/09981____111111111111111111111.jpg\" alt=\"\" class=\"wp-image-6233\"\/><\/a><\/figure>\n\n\n\n<figure class=\"wp-block-image size-full\"><a href=\"https:\/\/www.isidoraficovic.net\/wp-content\/uploads\/2026\/08\/09981____1111111111111111111111-1.jpg\"><img loading=\"lazy\" decoding=\"async\" width=\"202\" height=\"252\" data-id=\"6234\" src=\"https:\/\/www.isidoraficovic.net\/wp-content\/uploads\/2026\/08\/09981____1111111111111111111111-1.jpg\" alt=\"\" class=\"wp-image-6234\"\/><\/a><\/figure>\n<\/figure>\n\n\n\n<p class=\"wp-block-paragraph\">Performative painting on the opening of group exhibition &#8220;Invisible Reality&#8221; of the 25th Spring Annual at the Art Salon of the \u010ca\u010dak Culture Center, \u010ca\u010dak, Serbia. 2022<\/p>\n\n\n\n<figure class=\"wp-block-gallery has-nested-images columns-default is-cropped wp-block-gallery-3 is-layout-flex wp-block-gallery-is-layout-flex\">\n<figure class=\"wp-block-image size-full\"><a href=\"https:\/\/www.isidoraficovic.net\/wp-content\/uploads\/2026\/08\/09981____111111111111111111-Copy-2.jpg\"><img loading=\"lazy\" decoding=\"async\" width=\"207\" height=\"275\" data-id=\"6219\" src=\"https:\/\/www.isidoraficovic.net\/wp-content\/uploads\/2026\/08\/09981____111111111111111111-Copy-2.jpg\" alt=\"\" class=\"wp-image-6219\"\/><\/a><\/figure>\n\n\n\n<figure class=\"wp-block-image size-full\"><a href=\"https:\/\/www.isidoraficovic.net\/wp-content\/uploads\/2026\/08\/09981____1111111111111111111-2.jpg\"><img loading=\"lazy\" decoding=\"async\" width=\"207\" height=\"275\" data-id=\"6218\" src=\"https:\/\/www.isidoraficovic.net\/wp-content\/uploads\/2026\/08\/09981____1111111111111111111-2.jpg\" alt=\"\" class=\"wp-image-6218\"\/><\/a><\/figure>\n<\/figure>\n\n\n\n<p class=\"wp-block-paragraph\">Performative painting on the opening of group exhibition &#8220;View into the unexpected&#8221;, painting section, Pavilion des arts Cvijeta Zuzori\u0107, Belgrade, Serbia, 2021<\/p>\n\n\n\n<figure class=\"wp-block-gallery has-nested-images columns-default is-cropped wp-block-gallery-4 is-layout-flex wp-block-gallery-is-layout-flex\">\n<figure class=\"wp-block-image size-full\"><a href=\"https:\/\/www.isidoraficovic.net\/wp-content\/uploads\/2026\/08\/09981____1111111111111111-1.jpg\"><img loading=\"lazy\" decoding=\"async\" width=\"207\" height=\"275\" data-id=\"6208\" src=\"https:\/\/www.isidoraficovic.net\/wp-content\/uploads\/2026\/08\/09981____1111111111111111-1.jpg\" alt=\"\" class=\"wp-image-6208\"\/><\/a><\/figure>\n\n\n\n<figure class=\"wp-block-image size-full\"><a href=\"https:\/\/www.isidoraficovic.net\/wp-content\/uploads\/2026\/08\/09981____11111111111111111.jpg\"><img loading=\"lazy\" decoding=\"async\" width=\"207\" height=\"275\" data-id=\"6209\" src=\"https:\/\/www.isidoraficovic.net\/wp-content\/uploads\/2026\/08\/09981____11111111111111111.jpg\" alt=\"\" class=\"wp-image-6209\"\/><\/a><\/figure>\n<\/figure>\n\n\n\n<p class=\"wp-block-paragraph\">Performative painting as &#8216;gestural rhythm of dot&#8217; on the solo exhibition &#8220;Every Dot is a New Beginning&#8221;, at Gallery FLU, Belgrade, Serbia, 2020 (more pictures <a href=\"https:\/\/www.isidoraficovic.net\/?p=6273\" target=\"_blank\" rel=\"noopener\" title=\"\">here<\/a>)<\/p>\n\n\n\n<p class=\"wp-block-paragraph\"><\/p>\n\n\n\n<p class=\"has-text-align-right wp-block-paragraph\"><a href=\"https:\/\/www.isidoraficovic.net\/?page_id=3064\" title=\"\">back<\/a><\/p>\n","protected":false},"excerpt":{"rendered":"<p>back Performative painting on the opening of group exhibition &#8220;Identity Reconstruction&#8221; Pavilion des arts Cvijeta Zuzori\u0107, Belgrade, Serbia, 2025 Performative painting on the opening of group exhibition &#8220;Invisible Reality&#8221; of the 25th Spring Annual at the Art Salon of the \u010ca\u010dak Culture Center, \u010ca\u010dak, Serbia. 2022 Performative painting on the opening of group exhibition &#8220;View &hellip; <a href=\"https:\/\/www.isidoraficovic.net\/?page_id=6202\" class=\"more-link\">Continue reading <span class=\"screen-reader-text\">Performative Painting<\/span> <span class=\"meta-nav\">&rarr;<\/span><\/a><\/p>\n","protected":false},"author":2,"featured_media":0,"parent":3064,"menu_order":3,"comment_status":"closed","ping_status":"closed","template":"","meta":{"_monsterinsights_skip_tracking":false,"ngg_post_thumbnail":0,"footnotes":""},"class_list":["post-6202","page","type-page","status-publish","hentry"],"aioseo_notices":[],"aioseo_head":"\n\t\t<!-- All in One SEO 5.0.0.1 - aioseo.com -->\n\t<meta name=\"description\" content=\"back Performative painting on the opening of group exhibition &quot;Identity Reconstruction&quot; Pavilion des arts Cvijeta Zuzori\u0107, Belgrade, Serbia, 2025 Performative painting on the opening of group exhibition &quot;Invisible Reality&quot; of the 25th Spring Annual at the Art Salon of the \u010ca\u010dak Culture Center, \u010ca\u010dak, Serbia. 2022 Performative painting on the opening of group exhibition &quot;View\" \/>\n\t<meta name=\"robots\" content=\"max-image-preview:large\" \/>\n\t<link rel=\"canonical\" href=\"https:\/\/www.isidoraficovic.net\/?page_id=6202\" \/>\n\t<meta name=\"generator\" content=\"All in One SEO (AIOSEO) 5.0.0.1\" \/>\n\t\t<meta property=\"og:locale\" content=\"en_US\" \/>\n\t\t<meta property=\"og:site_name\" content=\"Isidora Ficovic |\" \/>\n\t\t<meta property=\"og:type\" content=\"article\" \/>\n\t\t<meta property=\"og:title\" content=\"Performative Painting | Isidora Ficovic\" \/>\n\t\t<meta property=\"og:description\" content=\"back Performative painting on the opening of group exhibition &quot;Identity Reconstruction&quot; Pavilion des arts Cvijeta Zuzori\u0107, Belgrade, Serbia, 2025 Performative painting on the opening of group exhibition &quot;Invisible Reality&quot; of the 25th Spring Annual at the Art Salon of the \u010ca\u010dak Culture Center, \u010ca\u010dak, Serbia. 2022 Performative painting on the opening of group exhibition &quot;View\" \/>\n\t\t<meta property=\"og:url\" content=\"https:\/\/www.isidoraficovic.net\/?page_id=6202\" \/>\n\t\t<meta property=\"article:published_time\" content=\"2026-08-31T14:02:50+00:00\" \/>\n\t\t<meta property=\"article:modified_time\" content=\"2026-08-31T16:05:26+00:00\" \/>\n\t\t<meta name=\"twitter:card\" content=\"summary\" \/>\n\t\t<meta name=\"twitter:title\" content=\"Performative Painting | Isidora Ficovic\" \/>\n\t\t<meta name=\"twitter:description\" content=\"back Performative painting on the opening of group exhibition &quot;Identity Reconstruction&quot; Pavilion des arts Cvijeta Zuzori\u0107, Belgrade, Serbia, 2025 Performative painting on the opening of group exhibition &quot;Invisible Reality&quot; of the 25th Spring Annual at the Art Salon of the \u010ca\u010dak Culture Center, \u010ca\u010dak, Serbia. 2022 Performative painting on the opening of group exhibition &quot;View\" \/>\n\t\t<script type=\"application\/ld+json\" class=\"aioseo-schema\">\n\t\t\t{\"@context\":\"https:\\\/\\\/schema.org\",\"@graph\":[{\"@type\":\"BreadcrumbList\",\"@id\":\"https:\\\/\\\/www.isidoraficovic.net\\\/?page_id=6202#breadcrumblist\",\"itemListElement\":[{\"@type\":\"ListItem\",\"@id\":\"https:\\\/\\\/www.isidoraficovic.net#listItem\",\"position\":1,\"name\":\"Home\",\"item\":\"https:\\\/\\\/www.isidoraficovic.net\",\"nextItem\":{\"@type\":\"ListItem\",\"@id\":\"https:\\\/\\\/www.isidoraficovic.net\\\/?page_id=21#listItem\",\"name\":\"WORKS\"}},{\"@type\":\"ListItem\",\"@id\":\"https:\\\/\\\/www.isidoraficovic.net\\\/?page_id=21#listItem\",\"position\":2,\"name\":\"WORKS\",\"item\":\"https:\\\/\\\/www.isidoraficovic.net\\\/?page_id=21\",\"nextItem\":{\"@type\":\"ListItem\",\"@id\":\"https:\\\/\\\/www.isidoraficovic.net\\\/?page_id=3064#listItem\",\"name\":\"PAINTINGS\"},\"previousItem\":{\"@type\":\"ListItem\",\"@id\":\"https:\\\/\\\/www.isidoraficovic.net#listItem\",\"name\":\"Home\"}},{\"@type\":\"ListItem\",\"@id\":\"https:\\\/\\\/www.isidoraficovic.net\\\/?page_id=3064#listItem\",\"position\":3,\"name\":\"PAINTINGS\",\"item\":\"https:\\\/\\\/www.isidoraficovic.net\\\/?page_id=3064\",\"nextItem\":{\"@type\":\"ListItem\",\"@id\":\"https:\\\/\\\/www.isidoraficovic.net\\\/?page_id=6202#listItem\",\"name\":\"Performative Painting\"},\"previousItem\":{\"@type\":\"ListItem\",\"@id\":\"https:\\\/\\\/www.isidoraficovic.net\\\/?page_id=21#listItem\",\"name\":\"WORKS\"}},{\"@type\":\"ListItem\",\"@id\":\"https:\\\/\\\/www.isidoraficovic.net\\\/?page_id=6202#listItem\",\"position\":4,\"name\":\"Performative Painting\",\"previousItem\":{\"@type\":\"ListItem\",\"@id\":\"https:\\\/\\\/www.isidoraficovic.net\\\/?page_id=3064#listItem\",\"name\":\"PAINTINGS\"}}]},{\"@type\":\"Organization\",\"@id\":\"https:\\\/\\\/www.isidoraficovic.net\\\/#organization\",\"name\":\"Isidora Fi\\u0107ovi\\u0107\",\"url\":\"https:\\\/\\\/www.isidoraficovic.net\\\/\"},{\"@type\":\"WebPage\",\"@id\":\"https:\\\/\\\/www.isidoraficovic.net\\\/?page_id=6202#webpage\",\"url\":\"https:\\\/\\\/www.isidoraficovic.net\\\/?page_id=6202\",\"name\":\"Performative Painting | Isidora Ficovic\",\"description\":\"back Performative painting on the opening of group exhibition \\\"Identity Reconstruction\\\" Pavilion des arts Cvijeta Zuzori\\u0107, Belgrade, Serbia, 2025 Performative painting on the opening of group exhibition \\\"Invisible Reality\\\" of the 25th Spring Annual at the Art Salon of the \\u010ca\\u010dak Culture Center, \\u010ca\\u010dak, Serbia. 2022 Performative painting on the opening of group exhibition \\\"View\",\"inLanguage\":\"en-US\",\"isPartOf\":{\"@id\":\"https:\\\/\\\/www.isidoraficovic.net\\\/#website\"},\"breadcrumb\":{\"@id\":\"https:\\\/\\\/www.isidoraficovic.net\\\/?page_id=6202#breadcrumblist\"},\"datePublished\":\"2026-08-31T14:02:50+00:00\",\"dateModified\":\"2026-08-31T16:05:26+00:00\"},{\"@type\":\"WebSite\",\"@id\":\"https:\\\/\\\/www.isidoraficovic.net\\\/#website\",\"url\":\"https:\\\/\\\/www.isidoraficovic.net\\\/\",\"name\":\"Isidora Ficovic\",\"inLanguage\":\"en-US\",\"publisher\":{\"@id\":\"https:\\\/\\\/www.isidoraficovic.net\\\/#organization\"}}]}\n\t\t<\/script>\n\t\t<!-- All in One SEO -->\n\n","aioseo_head_json":{"title":"Performative Painting | Isidora Ficovic","description":"back Performative painting on the opening of group exhibition \"Identity Reconstruction\" Pavilion des arts Cvijeta Zuzori\u0107, Belgrade, Serbia, 2025 Performative painting on the opening of group exhibition \"Invisible Reality\" of the 25th Spring Annual at the Art Salon of the \u010ca\u010dak Culture Center, \u010ca\u010dak, Serbia. 2022 Performative painting on the opening of group exhibition \"View","canonical_url":"https:\/\/www.isidoraficovic.net\/?page_id=6202","robots":"max-image-preview:large","keywords":"","webmasterTools":{"miscellaneous":""},"schema":{"@context":"https:\/\/schema.org","@graph":[{"@type":"BreadcrumbList","@id":"https:\/\/www.isidoraficovic.net\/?page_id=6202#breadcrumblist","itemListElement":[{"@type":"ListItem","@id":"https:\/\/www.isidoraficovic.net#listItem","position":1,"name":"Home","item":"https:\/\/www.isidoraficovic.net","nextItem":{"@type":"ListItem","@id":"https:\/\/www.isidoraficovic.net\/?page_id=21#listItem","name":"WORKS"}},{"@type":"ListItem","@id":"https:\/\/www.isidoraficovic.net\/?page_id=21#listItem","position":2,"name":"WORKS","item":"https:\/\/www.isidoraficovic.net\/?page_id=21","nextItem":{"@type":"ListItem","@id":"https:\/\/www.isidoraficovic.net\/?page_id=3064#listItem","name":"PAINTINGS"},"previousItem":{"@type":"ListItem","@id":"https:\/\/www.isidoraficovic.net#listItem","name":"Home"}},{"@type":"ListItem","@id":"https:\/\/www.isidoraficovic.net\/?page_id=3064#listItem","position":3,"name":"PAINTINGS","item":"https:\/\/www.isidoraficovic.net\/?page_id=3064","nextItem":{"@type":"ListItem","@id":"https:\/\/www.isidoraficovic.net\/?page_id=6202#listItem","name":"Performative Painting"},"previousItem":{"@type":"ListItem","@id":"https:\/\/www.isidoraficovic.net\/?page_id=21#listItem","name":"WORKS"}},{"@type":"ListItem","@id":"https:\/\/www.isidoraficovic.net\/?page_id=6202#listItem","position":4,"name":"Performative Painting","previousItem":{"@type":"ListItem","@id":"https:\/\/www.isidoraficovic.net\/?page_id=3064#listItem","name":"PAINTINGS"}}]},{"@type":"Organization","@id":"https:\/\/www.isidoraficovic.net\/#organization","name":"Isidora Fi\u0107ovi\u0107","url":"https:\/\/www.isidoraficovic.net\/"},{"@type":"WebPage","@id":"https:\/\/www.isidoraficovic.net\/?page_id=6202#webpage","url":"https:\/\/www.isidoraficovic.net\/?page_id=6202","name":"Performative Painting | Isidora Ficovic","description":"back Performative painting on the opening of group exhibition \"Identity Reconstruction\" Pavilion des arts Cvijeta Zuzori\u0107, Belgrade, Serbia, 2025 Performative painting on the opening of group exhibition \"Invisible Reality\" of the 25th Spring Annual at the Art Salon of the \u010ca\u010dak Culture Center, \u010ca\u010dak, Serbia. 2022 Performative painting on the opening of group exhibition \"View","inLanguage":"en-US","isPartOf":{"@id":"https:\/\/www.isidoraficovic.net\/#website"},"breadcrumb":{"@id":"https:\/\/www.isidoraficovic.net\/?page_id=6202#breadcrumblist"},"datePublished":"2026-08-31T14:02:50+00:00","dateModified":"2026-08-31T16:05:26+00:00"},{"@type":"WebSite","@id":"https:\/\/www.isidoraficovic.net\/#website","url":"https:\/\/www.isidoraficovic.net\/","name":"Isidora Ficovic","inLanguage":"en-US","publisher":{"@id":"https:\/\/www.isidoraficovic.net\/#organization"}}]},"og:locale":"en_US","og:site_name":"Isidora Ficovic |","og:type":"article","og:title":"Performative Painting | Isidora Ficovic","og:description":"back Performative painting on the opening of group exhibition &quot;Identity Reconstruction&quot; Pavilion des arts Cvijeta Zuzori\u0107, Belgrade, Serbia, 2025 Performative painting on the opening of group exhibition &quot;Invisible Reality&quot; of the 25th Spring Annual at the Art Salon of the \u010ca\u010dak Culture Center, \u010ca\u010dak, Serbia. 2022 Performative painting on the opening of group exhibition &quot;View","og:url":"https:\/\/www.isidoraficovic.net\/?page_id=6202","article:published_time":"2026-08-31T14:02:50+00:00","article:modified_time":"2026-08-31T16:05:26+00:00","twitter:card":"summary","twitter:title":"Performative Painting | Isidora Ficovic","twitter:description":"back Performative painting on the opening of group exhibition &quot;Identity Reconstruction&quot; Pavilion des arts Cvijeta Zuzori\u0107, Belgrade, Serbia, 2025 Performative painting on the opening of group exhibition &quot;Invisible Reality&quot; of the 25th Spring Annual at the Art Salon of the \u010ca\u010dak Culture Center, \u010ca\u010dak, Serbia. 2022 Performative painting on the opening of group exhibition &quot;View"},"aioseo_meta_data":{"post_id":"6202","title":null,"description":null,"keywords":null,"keyphrases":{"focus":{"keyphrase":"","score":0,"analysis":{"keyphraseInTitle":{"score":0,"maxScore":9,"error":1}}},"additional":[]},"primary_term":null,"canonical_url":null,"og_title":null,"og_description":null,"og_object_type":"default","og_image_type":"default","og_image_url":null,"og_image_width":null,"og_image_height":null,"og_image_custom_url":null,"og_image_custom_fields":null,"og_video":"","og_custom_url":null,"og_article_section":null,"og_article_tags":null,"twitter_use_og":false,"twitter_card":"default","twitter_image_type":"default","twitter_image_url":null,"twitter_image_custom_url":null,"twitter_image_custom_fields":null,"twitter_title":null,"twitter_description":null,"schema":{"blockGraphs":[],"customGraphs":[],"default":{"data":{"Article":[],"Course":[],"Dataset":[],"FAQPage":[],"Movie":[],"Person":[],"Product":[],"ProductReview":[],"Car":[],"Recipe":[],"Service":[],"SoftwareApplication":[],"WebPage":[]},"graphName":"WebPage","isEnabled":true},"graphs":[]},"schema_type":"default","schema_type_options":null,"pillar_content":false,"robots_default":true,"robots_noindex":false,"robots_noarchive":false,"robots_nosnippet":false,"robots_nofollow":false,"robots_noimageindex":false,"robots_noodp":false,"robots_notranslate":false,"robots_max_snippet":"-1","robots_max_videopreview":"-1","robots_max_imagepreview":"large","priority":null,"frequency":"default","local_seo":null,"breadcrumb_settings":null,"limit_modified_date":false,"ai":{"faqs":[],"keyPoints":[],"schemas":[],"titles":[],"descriptions":[],"socialPosts":{"email":{"subject":"","preview":"","content":""},"linkedin":[],"twitter":[],"facebook":[],"instagram":[]}},"created":"2026-08-31 14:01:36","updated":"2026-08-31 16:17:37","focus_keyword":null,"additional_keywords":null,"truseo_locale":null,"seo_analyzer_scan_date":null},"aioseo_breadcrumb":"<div class=\"aioseo-breadcrumbs\"><span class=\"aioseo-breadcrumb\">\n\t\t\t<a href=\"https:\/\/www.isidoraficovic.net\" title=\"Home\">Home<\/a>\n\t\t<\/span><span class=\"aioseo-breadcrumb-separator\">&raquo;<\/span><span class=\"aioseo-breadcrumb\">\n\t\t\t<a href=\"https:\/\/www.isidoraficovic.net\/?page_id=21\" title=\"WORKS\">WORKS<\/a>\n\t\t<\/span><span class=\"aioseo-breadcrumb-separator\">&raquo;<\/span><span class=\"aioseo-breadcrumb\">\n\t\t\t<a href=\"https:\/\/www.isidoraficovic.net\/?page_id=3064\" title=\"PAINTINGS\">PAINTINGS<\/a>\n\t\t<\/span><span class=\"aioseo-breadcrumb-separator\">&raquo;<\/span><span class=\"aioseo-breadcrumb\">\n\t\t\tPerformative Painting\n\t\t<\/span><\/div>","aioseo_breadcrumb_json":[{"label":"Home","link":"https:\/\/www.isidoraficovic.net"},{"label":"WORKS","link":"https:\/\/www.isidoraficovic.net\/?page_id=21"},{"label":"PAINTINGS","link":"https:\/\/www.isidoraficovic.net\/?page_id=3064"},{"label":"Performative Painting","link":"https:\/\/www.isidoraficovic.net\/?page_id=6202"}],"_links":{"self":[{"href":"https:\/\/www.isidoraficovic.net\/index.php?rest_route=\/wp\/v2\/pages\/6202","targetHints":{"allow":["GET"]}}],"collection":[{"href":"https:\/\/www.isidoraficovic.net\/index.php?rest_route=\/wp\/v2\/pages"}],"about":[{"href":"https:\/\/www.isidoraficovic.net\/index.php?rest_route=\/wp\/v2\/types\/page"}],"author":[{"embeddable":true,"href":"https:\/\/www.isidoraficovic.net\/index.php?rest_route=\/wp\/v2\/users\/2"}],"replies":[{"embeddable":true,"href":"https:\/\/www.isidoraficovic.net\/index.php?rest_route=%2Fwp%2Fv2%2Fcomments&post=6202"}],"version-history":[{"count":16,"href":"https:\/\/www.isidoraficovic.net\/index.php?rest_route=\/wp\/v2\/pages\/6202\/revisions"}],"predecessor-version":[{"id":6289,"href":"https:\/\/www.isidoraficovic.net\/index.php?rest_route=\/wp\/v2\/pages\/6202\/revisions\/6289"}],"up":[{"embeddable":true,"href":"https:\/\/www.isidoraficovic.net\/index.php?rest_route=\/wp\/v2\/pages\/3064"}],"wp:attachment":[{"href":"https:\/\/www.isidoraficovic.net\/index.php?rest_route=%2Fwp%2Fv2%2Fmedia&parent=6202"}],"curies":[{"name":"wp","href":"https:\/\/api.w.org\/{rel}","templated":true}]}}